{"id":3841,"date":"2026-02-26T14:31:59","date_gmt":"2026-02-26T13:31:59","guid":{"rendered":"https:\/\/grand-ciel.com\/?post_type=gcemploi&#038;p=3841"},"modified":"2026-02-26T14:40:49","modified_gmt":"2026-02-26T13:40:49","slug":"attache-e-a-l-accueil-manege-reims-copie-duplicated-2","status":"publish","type":"gcemploi","link":"https:\/\/grand-ciel.com\/en\/offre-emploi\/attache-e-a-l-accueil-manege-reims-copie-duplicated-2\/","title":{"rendered":"Charg\u00e9(e) des relations avec le public"},"content":{"rendered":"\n<div class=\"wp-block-group is-vertical is-content-justification-stretch is-layout-flex wp-container-core-group-is-layout-353c4f5a wp-block-group-is-layout-flex\">\n<div class=\"wp-block-columns is-layout-flex wp-container-core-columns-is-layout-d0b3c9c8 wp-block-columns-is-layout-flex\">\n<div class=\"wp-block-column is-layout-flow wp-block-column-is-layout-flow\" style=\"--col-width:66.66%;flex-basis:66.66%\">\n<div class=\"wp-block-group has-global-padding is-layout-constrained wp-block-group-is-layout-constrained\">\n<h2 class=\"wp-block-heading\" style=\"padding-top:0;padding-right:0;padding-bottom:0;padding-left:0\">Description de la Structure<\/h2>\n\n\n\n<p><em>Le Man\u00e8ge, sc\u00e8ne nationale-Reims, est une sc\u00e8ne d\u00e9di\u00e9e aux arts du mouvement : la danse, le cirque, la marionnette,<\/em> <em>la performance, le cabaret. Le Man\u00e8ge m\u00e8ne des actions ambitieuses vers l\u2019ensemble des publics avec comme ligne<\/em> <em>directrice l\u2019inscription sur les territoires (hors les murs et dans l\u2019espace public) et dans le temps. Pour ce faire, le Man\u00e8ge<\/em> <em>dispose en centre-ville d\u2019un site compos\u00e9 d\u2019un th\u00e9\u00e2tre de 519 places, d\u2019un cirque en dur de 1000 places. Il dispose aussi<\/em> <em>du studio K622 implant\u00e9 dans le quartier d\u2019Orgeval o\u00f9 le Man\u00e8ge m\u00e8ne une activit\u00e9 importante tout au long de l\u2019ann\u00e9e.<\/em><\/p>\n\n\n\n<h2 class=\"wp-block-heading\">MISSIONS PRINCIPALES<\/h2>\n\n\n\n<ul class=\"wp-block-list\">\n<li><em>Dans le cadre du projet artistique et en accord avec la secr\u00e9taire g\u00e9n\u00e9rale et le directeur, le\/la charg\u00e9.e des relations<\/em> <em>avec le public intervient dans les champs suivants :<\/em><\/li>\n\n\n\n<li><em>\u2022 Mise en oeuvre des projets participatifs et des projets de pratique artistique amateur<\/em><\/li>\n\n\n\n<li><em>\u2022 Mise en oeuvre des ateliers de pratique amateure dans la cadre du projet Orgeval en mouvement aupr\u00e8s des<\/em> <em>habitants du quartier Orgeval et alentours<\/em><\/li>\n\n\n\n<li><em>\u2022 Mise en oeuvre de projets en lien avec les \u00e9tudiant.es en enseignement sup\u00e9rieur d\u2019\u00e9coles d\u2019art<\/em><\/li>\n\n\n\n<li><em>\u2022 D\u00e9veloppement des publics du champ associatif ;<\/em><\/li>\n\n\n\n<li><em>\u2022 D\u00e9veloppement des publics du secteur des entreprises ;<\/em><\/li>\n\n\n\n<li><em>\u2022 D\u00e9veloppement du public individuel<\/em><\/li>\n\n\n\n<li><em>Pour ces missions, il\/elle a pour activit\u00e9s principales :<\/em><\/li>\n\n\n\n<li><em>\u2022 Concevoir, en collaboration avec le p\u00f4le des relations avec les publics et la direction, les projets d\u2019action<\/em> <em>culturelle \u00e0 destination des publics dont elle\/il a la charge, en assurer l\u2019accompagnement, le suivi et la<\/em> <em>logistique<\/em><\/li>\n\n\n\n<li><em>\u2022 Diffuser l\u2019information aupr\u00e8s de l\u2019ensemble des relais, contacts et prospects<\/em><\/li>\n\n\n\n<li><em>\u2022 Animer les r\u00e9seaux sociaux pour ces activit\u00e9s<\/em><\/li>\n\n\n\n<li><em>\u2022 Mener une mission d\u2019information et de conseil aux spectateurs<\/em><\/li>\n\n\n\n<li><em>\u2022 S\u2019assurer de la bonne fr\u00e9quentation des repr\u00e9sentations par les publics suivant les objectifs pos\u00e9s par la<\/em> <em>direction<\/em><\/li>\n\n\n\n<li><em>\u2022 Alimenter et mettre \u00e0 jour le fichier relais<\/em><\/li>\n<\/ul>\n\n\n\n<h4 class=\"wp-block-heading\">Profil et comp\u00e9tences<\/h4>\n\n\n\n<ul class=\"wp-block-list\">\n<li><em>Tr\u00e8s bonne connaissance du secteur du spectacle vivant. Capacit\u00e9 d\u2019adaptation et de m\u00e9diation face \u00e0 diff\u00e9rents<\/em> <em>publics et partenaires. Capacit\u00e9 \u00e0 travailler en \u00e9quipe, diplomatie, dynamisme, curiosit\u00e9, rigueur et organisation.<\/em><\/li>\n\n\n\n<li><em>Aisance \u00e0 l\u2019oral et \u00e0 l\u2019\u00e9crit<\/em><\/li>\n\n\n\n<li><em>Formation en lien avec la m\u00e9diation culturelle et\/ou le domaine artistique<\/em><\/li>\n\n\n\n<li><em>Disponibilit\u00e9 en soir\u00e9e et le weekend.<\/em><\/li>\n\n\n\n<li><em>Titulaire du permis B<\/em><\/li>\n\n\n\n<li><em>Exp\u00e9rience confirm\u00e9e dans un poste similaire.<\/em><\/li>\n<\/ul>\n\n\n\n<h2 class=\"wp-block-heading\">CONDITIONS<\/h2>\n\n\n\n<p><em>Les candidatures (lettre de motivation et CV) sont \u00e0 adresser au plus tard le 11 mars \u00e0 Monsieur Bruno Lob\u00e9,<\/em> <em>directeur, en postulant directement \u00e0 l\u2019adresse recrutement@manege-reims.eu<\/em><\/p>\n\n\n\n<p><em>Entretien semaine du 17 mars<\/em><\/p>\n\n\n\n<p><em>Poste bas\u00e9 \u00e0 Reims sur la base d\u2019un contrat \u00e0 dur\u00e9e ind\u00e9termin\u00e9e \u00e0 pourvoir \u00e0 partir du 13 avril 2026.<\/em><\/p>\n\n\n\n<p><em>R\u00e9mun\u00e9ration selon profil et exp\u00e9rience en lien avec la grille salariale de la CCNEAC (Groupe 5) et du Man\u00e8ge, sc\u00e8ne<\/em> <em>nationale-Reims<\/em><\/p>\n<\/div>\n<\/div>\n\n\n\n<div class=\"wp-block-column is-layout-flow wp-block-column-is-layout-flow\" style=\"--col-width:33.33%;flex-basis:33.33%\">\n<div class=\"wp-block-group has-global-padding is-layout-constrained wp-container-core-group-is-layout-24715ac7 wp-block-group-is-layout-constrained\" style=\"border-left-color:var(--wp--preset--color--primary);border-left-width:3px;margin-bottom:var(--wp--preset--spacing--40);padding-left:var(--wp--preset--spacing--30)\">\n<div class=\"wp-block-group is-vertical is-layout-flex wp-container-core-group-is-layout-4b827052 wp-block-group-is-layout-flex\"><div class=\"is-meta-field has-text-align-center wp-block-mfb-meta-field-block\"><div class=\"value\"><div class=\"membre-logo\"><img decoding=\"async\" style=\"width:100%;max-width:200px\" src=\"https:\/\/grand-ciel.com\/wp-content\/uploads\/2023\/06\/Le-Manege_Logo.png\" width=\"200px\" height=\"auto\" alt=\"\" loading=\"lazy\" \/><\/div><a href=\"https:\/\/grand-ciel.com\/en\/membre\/le-manege\/\">Le Man&egrave;ge<\/a><\/div><\/div><\/div>\n\n\n\n<div class=\"wp-block-group is-vertical is-layout-flex wp-container-core-group-is-layout-4b827052 wp-block-group-is-layout-flex\">\n<h4 class=\"wp-block-heading has-secondary-color has-text-color\" style=\"margin-top:0;margin-right:0;margin-bottom:0;margin-left:0\">Type of job<\/h4>\n\n\n<div style=\"margin-top:0;margin-right:0;margin-bottom:0;margin-left:0;\" class=\"is-meta-field wp-block-mfb-meta-field-block\"><div class=\"value\"><a href=\"https:\/\/grand-ciel.com\/offres-emploi-par-categorie\/cdi\/\" rel=\"tag\">CDI<\/a><\/div><\/div><\/div>\n\n\n\n<div class=\"wp-block-group is-vertical is-layout-flex wp-container-core-group-is-layout-4b827052 wp-block-group-is-layout-flex\">\n<h4 class=\"wp-block-heading has-secondary-color has-text-color\" style=\"margin-top:0;margin-right:0;margin-bottom:0;margin-left:0\">Starting date<\/h4>\n\n\n<div style=\"margin-top:0;margin-right:0;margin-bottom:0;margin-left:0;\" class=\"is-meta-field wp-block-mfb-meta-field-block\"><div class=\"value\"><span class=\"emploi-type\">CDI<\/span><br \/>Position to be filled on<br \/><strong>13 avril 2026<\/strong><\/div><\/div><\/div>\n\n\n\n<div class=\"wp-block-group is-vertical is-layout-flex wp-container-core-group-is-layout-4b827052 wp-block-group-is-layout-flex\">\n<h4 class=\"wp-block-heading has-secondary-color has-text-color\">Application deadline<\/h4>\n\n\n<div class=\"is-meta-field wp-block-mfb-meta-field-block\"><div class=\"value\">wednesday 11 mars 2026<\/div><\/div><\/div>\n\n\n\n<div class=\"wp-block-group is-vertical is-layout-flex wp-container-core-group-is-layout-4b827052 wp-block-group-is-layout-flex\">\n<h4 class=\"wp-block-heading has-secondary-color has-text-color\">Recruiter&#8217;s postal address<\/h4>\n\n\n<div class=\"is-meta-field wp-block-mfb-meta-field-block\"><div class=\"value\">2 Boulevard du G\u00e9n\u00e9ral Leclerc 51100 Reims<\/div><\/div><\/div>\n\n\n\n<div class=\"wp-block-group is-vertical is-layout-flex wp-container-core-group-is-layout-4b827052 wp-block-group-is-layout-flex\">\n<h4 class=\"wp-block-heading has-secondary-color has-text-color\">Website<\/h4>\n\n\n<div class=\"is-meta-field wp-block-mfb-meta-field-block\"><div class=\"value\"><a href=\"https:\/\/www.manege-reims.eu\/\" target=\"_blank\">https:\/\/www.manege-reims.eu\/<\/a><\/div><\/div><\/div>\n<\/div>\n\n<div class=\"wp-block-group has-global-padding is-layout-constrained wp-block-group-is-layout-constrained\" style=\"border-radius:5px;margin-top:0;margin-bottom:0\">\n<h3 class=\"wp-block-heading has-text-align-center has-primary-color has-text-color\">To Apply<\/h3>\n\n\n<div class=\"is-meta-field has-text-align-center wp-block-mfb-meta-field-block\"><div class=\"value\">recrutement@manege-reims.eu<\/div><\/div><\/div>\n<\/div>\n<\/div>\n<\/div>\n","protected":false},"excerpt":{"rendered":"<p>Description de la Structure Le Man\u00e8ge, sc\u00e8ne nationale-Reims, est une sc\u00e8ne d\u00e9di\u00e9e aux arts du mouvement : la danse, le cirque, la marionnette, la performance, le cabaret. Le Man\u00e8ge m\u00e8ne des actions ambitieuses vers l\u2019ensemble des publics avec comme ligne directrice l\u2019inscription sur les territoires (hors les murs et dans l\u2019espace public) et dans le [&hellip;]<\/p>\n","protected":false},"author":37,"template":"","meta":{"_uag_custom_page_level_css":"","_gcemploi_date_creation":"2026-02-26T11:41:03","_gcemploi_date_prise_poste":"2026-04-13T11:32:57","_gcemploi_date_limite":"2026-03-11T11:33:19","_gcemploi_adresse_postale":"2 Boulevard du G\u00e9n\u00e9ral Leclerc 51100 Reims","_gcemploi_lieu":"Man\u00e8ge de Reims, 2 boulevard G\u00e9n\u00e9ral Leclerc 51100 Reims","_gcemploi_site_internet":"https:\/\/www.manege-reims.eu\/","_gcemploi_pour_candidater":"recrutement@manege-reims.eu","_gcemploi_employeur":884},"gcemploi_cat":[25],"class_list":["post-3841","gcemploi","type-gcemploi","status-publish","hentry","gcemploi_cat-cdi"],"yoast_head":"<!-- This site is optimized with the Yoast SEO plugin v27.2 - https:\/\/yoast.com\/product\/yoast-seo-wordpress\/ -->\n<title>Charg\u00e9(e) des relations avec le public - Grand CIEL<\/title>\n<meta name=\"robots\" content=\"index, follow, max-snippet:-1, max-image-preview:large, max-video-preview:-1\" \/>\n<link rel=\"canonical\" href=\"https:\/\/grand-ciel.com\/offre-emploi\/attache-e-a-l-accueil-manege-reims-copie-duplicated-2\/\" \/>\n<meta property=\"og:locale\" content=\"en_US\" \/>\n<meta property=\"og:type\" content=\"article\" \/>\n<meta property=\"og:title\" content=\"Charg\u00e9(e) des relations avec le public - Grand CIEL\" \/>\n<meta property=\"og:description\" content=\"Description de la Structure Le Man\u00e8ge, sc\u00e8ne nationale-Reims, est une sc\u00e8ne d\u00e9di\u00e9e aux arts du mouvement : la danse, le cirque, la marionnette, la performance, le cabaret. Le Man\u00e8ge m\u00e8ne des actions ambitieuses vers l\u2019ensemble des publics avec comme ligne directrice l\u2019inscription sur les territoires (hors les murs et dans l\u2019espace public) et dans le [&hellip;]\" \/>\n<meta property=\"og:url\" content=\"https:\/\/grand-ciel.com\/offre-emploi\/attache-e-a-l-accueil-manege-reims-copie-duplicated-2\/\" \/>\n<meta property=\"og:site_name\" content=\"Grand CIEL\" \/>\n<meta property=\"article:publisher\" content=\"https:\/\/www.facebook.com\/grandcielcirque\" \/>\n<meta property=\"article:modified_time\" content=\"2026-02-26T13:40:49+00:00\" \/>\n<meta name=\"twitter:card\" content=\"summary_large_image\" \/>\n<meta name=\"twitter:label1\" content=\"Est. reading time\" \/>\n\t<meta name=\"twitter:data1\" content=\"5 minutes\" \/>\n<script type=\"application\/ld+json\" class=\"yoast-schema-graph\">{\"@context\":\"https:\/\/schema.org\",\"@graph\":[{\"@type\":\"WebPage\",\"@id\":\"https:\/\/grand-ciel.com\/offre-emploi\/attache-e-a-l-accueil-manege-reims-copie-duplicated-2\/\",\"url\":\"https:\/\/grand-ciel.com\/offre-emploi\/attache-e-a-l-accueil-manege-reims-copie-duplicated-2\/\",\"name\":\"Charg\u00e9(e) des relations avec le public - Grand CIEL\",\"isPartOf\":{\"@id\":\"https:\/\/grand-ciel.com\/#website\"},\"datePublished\":\"2026-02-26T13:31:59+00:00\",\"dateModified\":\"2026-02-26T13:40:49+00:00\",\"breadcrumb\":{\"@id\":\"https:\/\/grand-ciel.com\/offre-emploi\/attache-e-a-l-accueil-manege-reims-copie-duplicated-2\/#breadcrumb\"},\"inLanguage\":\"en-US\",\"potentialAction\":[{\"@type\":\"ReadAction\",\"target\":[\"https:\/\/grand-ciel.com\/offre-emploi\/attache-e-a-l-accueil-manege-reims-copie-duplicated-2\/\"]}]},{\"@type\":\"BreadcrumbList\",\"@id\":\"https:\/\/grand-ciel.com\/offre-emploi\/attache-e-a-l-accueil-manege-reims-copie-duplicated-2\/#breadcrumb\",\"itemListElement\":[{\"@type\":\"ListItem\",\"position\":1,\"name\":\"Accueil\",\"item\":\"https:\/\/grand-ciel.com\/en\/home\/\"},{\"@type\":\"ListItem\",\"position\":2,\"name\":\"Offres d'emploi\",\"item\":\"https:\/\/grand-ciel.com\/offres-emplois-et-stages\/\"},{\"@type\":\"ListItem\",\"position\":3,\"name\":\"Charg\u00e9(e) des relations avec le public\"}]},{\"@type\":\"WebSite\",\"@id\":\"https:\/\/grand-ciel.com\/#website\",\"url\":\"https:\/\/grand-ciel.com\/\",\"name\":\"Grand CIEL\",\"description\":\"\",\"publisher\":{\"@id\":\"https:\/\/grand-ciel.com\/#organization\"},\"potentialAction\":[{\"@type\":\"SearchAction\",\"target\":{\"@type\":\"EntryPoint\",\"urlTemplate\":\"https:\/\/grand-ciel.com\/?s={search_term_string}\"},\"query-input\":{\"@type\":\"PropertyValueSpecification\",\"valueRequired\":true,\"valueName\":\"search_term_string\"}}],\"inLanguage\":\"en-US\"},{\"@type\":\"Organization\",\"@id\":\"https:\/\/grand-ciel.com\/#organization\",\"name\":\"Grand CIEL\",\"url\":\"https:\/\/grand-ciel.com\/\",\"logo\":{\"@type\":\"ImageObject\",\"inLanguage\":\"en-US\",\"@id\":\"https:\/\/grand-ciel.com\/#\/schema\/logo\/image\/\",\"url\":\"https:\/\/grand-ciel.com\/wp-content\/uploads\/2023\/05\/logo_Grand_Ciel_orange_fond_bleu_250.jpg\",\"contentUrl\":\"https:\/\/grand-ciel.com\/wp-content\/uploads\/2023\/05\/logo_Grand_Ciel_orange_fond_bleu_250.jpg\",\"width\":250,\"height\":148,\"caption\":\"Grand CIEL\"},\"image\":{\"@id\":\"https:\/\/grand-ciel.com\/#\/schema\/logo\/image\/\"},\"sameAs\":[\"https:\/\/www.facebook.com\/grandcielcirque\"]}]}<\/script>\n<!-- \/ Yoast SEO plugin. -->","yoast_head_json":{"title":"Charg\u00e9(e) des relations avec le public - Grand CIEL","robots":{"index":"index","follow":"follow","max-snippet":"max-snippet:-1","max-image-preview":"max-image-preview:large","max-video-preview":"max-video-preview:-1"},"canonical":"https:\/\/grand-ciel.com\/offre-emploi\/attache-e-a-l-accueil-manege-reims-copie-duplicated-2\/","og_locale":"en_US","og_type":"article","og_title":"Charg\u00e9(e) des relations avec le public - Grand CIEL","og_description":"Description de la Structure Le Man\u00e8ge, sc\u00e8ne nationale-Reims, est une sc\u00e8ne d\u00e9di\u00e9e aux arts du mouvement : la danse, le cirque, la marionnette, la performance, le cabaret. Le Man\u00e8ge m\u00e8ne des actions ambitieuses vers l\u2019ensemble des publics avec comme ligne directrice l\u2019inscription sur les territoires (hors les murs et dans l\u2019espace public) et dans le [&hellip;]","og_url":"https:\/\/grand-ciel.com\/offre-emploi\/attache-e-a-l-accueil-manege-reims-copie-duplicated-2\/","og_site_name":"Grand CIEL","article_publisher":"https:\/\/www.facebook.com\/grandcielcirque","article_modified_time":"2026-02-26T13:40:49+00:00","twitter_card":"summary_large_image","twitter_misc":{"Est. reading time":"5 minutes"},"schema":{"@context":"https:\/\/schema.org","@graph":[{"@type":"WebPage","@id":"https:\/\/grand-ciel.com\/offre-emploi\/attache-e-a-l-accueil-manege-reims-copie-duplicated-2\/","url":"https:\/\/grand-ciel.com\/offre-emploi\/attache-e-a-l-accueil-manege-reims-copie-duplicated-2\/","name":"Charg\u00e9(e) des relations avec le public - Grand CIEL","isPartOf":{"@id":"https:\/\/grand-ciel.com\/#website"},"datePublished":"2026-02-26T13:31:59+00:00","dateModified":"2026-02-26T13:40:49+00:00","breadcrumb":{"@id":"https:\/\/grand-ciel.com\/offre-emploi\/attache-e-a-l-accueil-manege-reims-copie-duplicated-2\/#breadcrumb"},"inLanguage":"en-US","potentialAction":[{"@type":"ReadAction","target":["https:\/\/grand-ciel.com\/offre-emploi\/attache-e-a-l-accueil-manege-reims-copie-duplicated-2\/"]}]},{"@type":"BreadcrumbList","@id":"https:\/\/grand-ciel.com\/offre-emploi\/attache-e-a-l-accueil-manege-reims-copie-duplicated-2\/#breadcrumb","itemListElement":[{"@type":"ListItem","position":1,"name":"Accueil","item":"https:\/\/grand-ciel.com\/en\/home\/"},{"@type":"ListItem","position":2,"name":"Offres d'emploi","item":"https:\/\/grand-ciel.com\/offres-emplois-et-stages\/"},{"@type":"ListItem","position":3,"name":"Charg\u00e9(e) des relations avec le public"}]},{"@type":"WebSite","@id":"https:\/\/grand-ciel.com\/#website","url":"https:\/\/grand-ciel.com\/","name":"Grand CIEL","description":"","publisher":{"@id":"https:\/\/grand-ciel.com\/#organization"},"potentialAction":[{"@type":"SearchAction","target":{"@type":"EntryPoint","urlTemplate":"https:\/\/grand-ciel.com\/?s={search_term_string}"},"query-input":{"@type":"PropertyValueSpecification","valueRequired":true,"valueName":"search_term_string"}}],"inLanguage":"en-US"},{"@type":"Organization","@id":"https:\/\/grand-ciel.com\/#organization","name":"Grand CIEL","url":"https:\/\/grand-ciel.com\/","logo":{"@type":"ImageObject","inLanguage":"en-US","@id":"https:\/\/grand-ciel.com\/#\/schema\/logo\/image\/","url":"https:\/\/grand-ciel.com\/wp-content\/uploads\/2023\/05\/logo_Grand_Ciel_orange_fond_bleu_250.jpg","contentUrl":"https:\/\/grand-ciel.com\/wp-content\/uploads\/2023\/05\/logo_Grand_Ciel_orange_fond_bleu_250.jpg","width":250,"height":148,"caption":"Grand CIEL"},"image":{"@id":"https:\/\/grand-ciel.com\/#\/schema\/logo\/image\/"},"sameAs":["https:\/\/www.facebook.com\/grandcielcirque"]}]}},"uagb_featured_image_src":[],"uagb_author_info":{"display_name":"Guillaume Schmitt","author_link":"https:\/\/grand-ciel.com\/en\/author\/com_manegegc\/"},"uagb_comment_info":0,"uagb_excerpt":"Description de la Structure Le Man\u00e8ge, sc\u00e8ne nationale-Reims, est une sc\u00e8ne d\u00e9di\u00e9e aux arts du mouvement : la danse, le cirque, la marionnette, la performance, le cabaret. Le Man\u00e8ge m\u00e8ne des actions ambitieuses vers l\u2019ensemble des publics avec comme ligne directrice l\u2019inscription sur les territoires (hors les murs et dans l\u2019espace public) et dans le&hellip;","_links":{"self":[{"href":"https:\/\/grand-ciel.com\/en\/wp-json\/wp\/v2\/gcemploi\/3841","targetHints":{"allow":["GET"]}}],"collection":[{"href":"https:\/\/grand-ciel.com\/en\/wp-json\/wp\/v2\/gcemploi"}],"about":[{"href":"https:\/\/grand-ciel.com\/en\/wp-json\/wp\/v2\/types\/gcemploi"}],"author":[{"embeddable":true,"href":"https:\/\/grand-ciel.com\/en\/wp-json\/wp\/v2\/users\/37"}],"wp:attachment":[{"href":"https:\/\/grand-ciel.com\/en\/wp-json\/wp\/v2\/media?parent=3841"}],"wp:term":[{"taxonomy":"gcemploi_cat","embeddable":true,"href":"https:\/\/grand-ciel.com\/en\/wp-json\/wp\/v2\/gcemploi_cat?post=3841"}],"curies":[{"name":"wp","href":"https:\/\/api.w.org\/{rel}","templated":true}]}}